{"id":152,"date":"2020-11-24T17:20:55","date_gmt":"2020-11-24T17:20:55","guid":{"rendered":"http:\/\/ltdp.ro\/wordpress\/?page_id=152"},"modified":"2020-11-24T18:16:18","modified_gmt":"2020-11-24T18:16:18","slug":"extrascolare","status":"publish","type":"page","link":"https:\/\/ltdp.ro\/wordpress\/?page_id=152","title":{"rendered":"Extrascolare"},"content":{"rendered":"\n<p>&nbsp;\u00cen cadrul Campaniei&nbsp;<strong>\u201eMeseria face diferen\u021ba!\u201d<\/strong>&nbsp;care s-a desf\u0103\u0219urat \u00een perioada februarie-martie 2020 elevii de la Liceul Tehnologic ,,Dimitrie Petrecu,, Caracal, coordona\u021bi de cadrele didactice, au desf\u0103\u0219urat activit\u0103\u021bi dedicate promov\u0103rii \u00eenv\u0103\u021b\u0103m\u00e2ntului profesional \u0219i tehnic. Au avut loc ac\u0163iuni comune ale unit\u0103\u0163ii de \u00eenv\u0103\u0163\u0103m\u00e2nt, Inspectoratului \u0218colar Jude\u021bean Olt \u0219i ale operatorilor economici, privind consilierea \u015fi orientarea \u015fcolar\u0103 \u015fi profesional\u0103 a elevilor:<\/p>\n\n\n\n<ul class=\"wp-block-list\"><li>vizite ale elevilor din unit\u0103\u0163ile de \u00eenv\u0103\u021b\u0103m\u00e2nt gimnaziale la operatorii economici care asigur\u0103 preg\u0103tirea \u0219i\/sau practica \u00een \u00eenv\u0103\u0163\u0103m\u00e2ntul profesional<\/li><li>ateliere de informare pentru profesorii dirigin\u0163i \u0219i elevii claselor a VII-a \u0219i a VIII-a.<\/li><\/ul>\n\n\n\n<p>La cele trei activit\u0103\u021bi propuse \u00een cadrul acestei campanii, au participat peste 17 de persoane, elevi (140), cadre didactice (30), agen\u021bi economici (5 reprezentan\u021bi), reprezentan\u021bi ai comunit\u0103\u021bii locale \u0219i p\u0103rin\u021bi.<\/p>\n\n\n\n<p>Elevii au avut posibilitatea s\u0103 constate urm\u0103toarele:<\/p>\n\n\n\n<p>-S.C.D.A.&nbsp; este impilicat\u0103&nbsp; \u00een crearea de soiuri \u0219i hibrizi zonali;<\/p>\n\n\n\n<p>-Specificul , S.C.D.A. este acela de a produce s\u0103m\u00e2n\u021b\u0103 de gr\u00e2u din soiurile rom\u00e2ne\u0219ti, Glos\u0103 \u0219i Izvor;&nbsp;<\/p>\n\n\n\n<p>-S.C.D.A. este partenerul principal al \u0219colii \u00een asigurarea bazei de instruire practic\u0103,pentru elevii de la profilul, ,Resurse naturale \u0219i protec\u021bia mediului\u201d \u0219i profilul ,,Tehnic\u201d.<\/p>\n\n\n\n<p>Participan\u021bii la activit\u0103\u021bi au avut ocazia s\u0103 \u00een\u021beleag\u0103 impactul polu\u0103rii asupra mediului&nbsp; prin:<\/p>\n\n\n\n<p>&#8211; surprinderea variabilit\u0103\u021bii climatice recente din zona Olteniei;<\/p>\n\n\n\n<p>&#8211; reflectarea poten\u021bialului fizico-geografic asupra modului de utilizare a terenurilor;<\/p>\n\n\n\n<p>&#8211; evaluarea efectelor induse de variabilitatea climatic\u0103 prin intermediul modific\u0103rilor survenite recent \u00een modul de utilizare terenurilor.<\/p>\n\n\n\n<figure class=\"wp-block-image\"><img decoding=\"async\" src=\"https:\/\/colegiulagricolcaracal.webnode.ro\/_files\/200000862-3314b3314c\/thumbnail%20(1).jpg\" alt=\"\"\/><\/figure>\n\n\n\n<figure class=\"wp-block-image\"><img decoding=\"async\" src=\"https:\/\/colegiulagricolcaracal.webnode.ro\/_files\/200000864-eaf3ceaf3e\/thumbnail%20(3).jpg\" alt=\"\"\/><\/figure>\n\n\n\n<figure class=\"wp-block-image\"><img decoding=\"async\" src=\"https:\/\/colegiulagricolcaracal.webnode.ro\/_files\/200000865-7908479086\/thumbnail%20(4).jpg\" alt=\"\"\/><\/figure>\n\n\n\n<figure class=\"wp-block-image\"><img decoding=\"async\" src=\"https:\/\/colegiulagricolcaracal.webnode.ro\/_files\/200000866-03b5e03b60\/thumbnail%20(5).jpg\" alt=\"\"\/><\/figure>\n\n\n\n<figure class=\"wp-block-image\"><img decoding=\"async\" src=\"https:\/\/colegiulagricolcaracal.webnode.ro\/_files\/200000863-6be206be23\/thumbnail%20(2).jpg\" alt=\"\"\/><\/figure>\n\n\n\n<figure class=\"wp-block-image\"><img decoding=\"async\" src=\"https:\/\/colegiulagricolcaracal.webnode.ro\/_files\/200000867-aa744aa746\/thumbnail.jpg\" alt=\"\"\/><\/figure>\n","protected":false},"excerpt":{"rendered":"<p>&nbsp;\u00cen cadrul Campaniei&nbsp;\u201eMeseria face diferen\u021ba!\u201d&nbsp;care s-a desf\u0103\u0219urat \u00een perioada februarie-martie 2020 elevii de la Liceul Tehnologic ,,Dimitrie Petrecu,, Caracal, coordona\u021bi de cadrele didactice, au desf\u0103\u0219urat activit\u0103\u021bi dedicate promov\u0103rii \u00eenv\u0103\u021b\u0103m\u00e2ntului profesional \u0219i tehnic. Au avut loc ac\u0163iuni comune ale unit\u0103\u0163ii de \u00eenv\u0103\u0163\u0103m\u00e2nt, Inspectoratului \u0218colar Jude\u021bean Olt \u0219i ale operatorilor economici, privind consilierea \u015fi orientarea \u015fcolar\u0103 \u015fi [&hellip;]<\/p>\n","protected":false},"author":1,"featured_media":0,"parent":0,"menu_order":0,"comment_status":"closed","ping_status":"closed","template":"","meta":{"zakra_page_container_layout":"customizer","zakra_page_sidebar_layout":"customizer","zakra_remove_content_margin":false,"zakra_sidebar":"customizer","zakra_transparent_header":"customizer","zakra_logo":0,"zakra_main_header_style":"default","zakra_menu_item_color":"","zakra_menu_item_hover_color":"","zakra_menu_item_active_color":"","zakra_menu_active_style":"","zakra_page_header":true,"_monsterinsights_skip_tracking":false,"_monsterinsights_sitenote_active":false,"_monsterinsights_sitenote_note":"","_monsterinsights_sitenote_category":0,"footnotes":""},"class_list":["post-152","page","type-page","status-publish","hentry"],"_links":{"self":[{"href":"https:\/\/ltdp.ro\/wordpress\/index.php?rest_route=\/wp\/v2\/pages\/152","targetHints":{"allow":["GET"]}}],"collection":[{"href":"https:\/\/ltdp.ro\/wordpress\/index.php?rest_route=\/wp\/v2\/pages"}],"about":[{"href":"https:\/\/ltdp.ro\/wordpress\/index.php?rest_route=\/wp\/v2\/types\/page"}],"author":[{"embeddable":true,"href":"https:\/\/ltdp.ro\/wordpress\/index.php?rest_route=\/wp\/v2\/users\/1"}],"replies":[{"embeddable":true,"href":"https:\/\/ltdp.ro\/wordpress\/index.php?rest_route=%2Fwp%2Fv2%2Fcomments&post=152"}],"version-history":[{"count":0,"href":"https:\/\/ltdp.ro\/wordpress\/index.php?rest_route=\/wp\/v2\/pages\/152\/revisions"}],"wp:attachment":[{"href":"https:\/\/ltdp.ro\/wordpress\/index.php?rest_route=%2Fwp%2Fv2%2Fmedia&parent=152"}],"curies":[{"name":"wp","href":"https:\/\/api.w.org\/{rel}","templated":true}]}}